{"id":196,"date":"2026-03-01T03:06:18","date_gmt":"2026-03-01T02:06:18","guid":{"rendered":"https:\/\/ambiguity.amkl.edu.pl\/?page_id=196"},"modified":"2026-04-22T20:31:52","modified_gmt":"2026-04-22T18:31:52","slug":"list-intencyjny","status":"publish","type":"page","link":"https:\/\/ambiguity.amkl.edu.pl\/?page_id=196","title":{"rendered":"zaproszenie"},"content":{"rendered":"\n<p style=\"font-size:clamp(14px, 0.875rem + ((1vw - 3.2px) * 0.732), 20px);\">Ko\u0142o Naukowo-Artystyczne Kompozycji i Teorii Muzyki Akademii Muzycznej&nbsp;im. Karola Lipi\u0144skiego we Wroc\u0142awiu ma zaszczyt zaprosi\u0107 na&nbsp;<strong>XII edycj\u0119&nbsp;Studenckiej Konferencji Naukowej&nbsp;Wieloznaczno\u015b\u0107 D\u017awi\u0119ku<\/strong>. Odb\u0119dzie si\u0119 ona w dniach&nbsp;<strong>12\u201313 maja 2026 roku<\/strong>. Honorowy patronat nad wydarzeniem obj\u0105\u0142 Jego Magnificencja Rektor prof. dr hab. Krystian Kie\u0142b.<\/p>\n\n\n\n<p style=\"font-size:clamp(14px, 0.875rem + ((1vw - 3.2px) * 0.732), 20px);\">Tegoroczna edycja wchodzi w sk\u0142ad&nbsp;<strong>Studenckiego Forum D\u017awi\u0119ku<\/strong>&nbsp;\u2013 intermedialnego przedsi\u0119wzi\u0119cia integruj\u0105cego dzia\u0142alno\u015b\u0107 naukow\u0105, artystyczn\u0105 i organizacyjn\u0105 \u015brodowiska studenckiego wok\u00f3\u0142 problematyki d\u017awi\u0119ku i muzyki. Inicjatywa ta zosta\u0142a dofinansowana&nbsp;ze \u015brodk\u00f3w Gminy Wroc\u0142aw w ramach programu Fundusz Aktywno\u015bci Studenckiej (FAST), organizowanego przez Wroc\u0142awskie Centrum Akademickie.<\/p>\n\n\n\n<p style=\"font-size:clamp(14px, 0.875rem + ((1vw - 3.2px) * 0.732), 20px);\">Z satysfakcj\u0105 obserwujemy, \u017ce od dwunastu lat organizowane przez nas wydarzenie odgrywa istotn\u0105 rol\u0119 w kszta\u0142towaniu i rozwoju m\u0142odych teoretyk\u00f3w muzyki oraz muzykolog\u00f3w. Konsekwentnie rozwijamy nasz\u0105 inicjatyw\u0119, dbaj\u0105c zar\u00f3wno o jej rang\u0119, jak i zasi\u0119g \u2013 dotychczas Konferencja zgromadzi\u0142a liczne grono uczestnik\u00f3w z wiod\u0105cych polskich&nbsp;i zagranicznych o\u015brodk\u00f3w akademickich. Pragniemy, aby tytu\u0142owa&nbsp;<em>Wieloznaczno\u015b\u0107<\/em>&nbsp;sta\u0142a si\u0119 impulsem do wielow\u0105tkowego, interdyscyplinarnego dyskursu po\u015bwi\u0119conego d\u017awi\u0119kowi&nbsp;i muzyce, dlatego zaproszenie kierujemy do badaczy reprezentuj\u0105cych r\u00f3\u017cnorodne dyscypliny naukowe, w kt\u00f3rych obszary te zajmuj\u0105 istotne miejsce.<\/p>\n\n\n\n<p style=\"font-size:clamp(14px, 0.875rem + ((1vw - 3.2px) * 0.732), 20px);\">Nieod\u0142\u0105cznym elementem wydarzenia, potwierdzaj\u0105cym jego popularno\u015b\u0107 oraz rang\u0119 konsekwentnie budowan\u0105 od 2014 roku, jest publikacja pokonferencyjna&nbsp;<em>Wieloznaczno\u015b\u0107 D\u017awi\u0119ku. Sound Ambiguity<\/em>. W bie\u017c\u0105cym roku Wydawnictwo Akademii Muzycznej im. Karola Lipi\u0144skiego wyda jej dziewi\u0105ty zeszyt. Jest to jedyna studencka publikacja pokonferencyjna&nbsp;o tak d\u0142ugiej historii, wydawana przez uczelni\u0119 artystyczn\u0105.<\/p>\n\n\n\n<p style=\"font-size:clamp(14px, 0.875rem + ((1vw - 3.2px) * 0.732), 20px);\">Dwunastej edycji Konferencji towarzyszy motyw przewodni&nbsp;<strong><em>W muzycznej symbiozie<\/em><\/strong>, kt\u00f3ry podkre\u015bla wielo\u015b\u0107 perspektyw, r\u00f3\u017cnorodno\u015b\u0107 podej\u015b\u0107&nbsp;oraz znaczenie wsp\u00f3\u0142pracy w d\u0105\u017ceniu do nadrz\u0119dnego celu, jakim jest muzyka. Prezentowane podczas wydarzenia rozwa\u017cania nie ograniczaj\u0105 si\u0119 jednak wy\u0142\u0105cznie do symbiozy wewn\u0105trz samego \u015bwiata muzycznego. Wr\u0119cz przeciwnie \u2013 zach\u0119camy do wyj\u015bcia poza jego ramy i ukazania obecno\u015bci muzyki oraz d\u017awi\u0119ku w innych dziedzinach sztuki i nauki, popkulturze, a tak\u017ce w codziennym \u017cyciu.<\/p>\n\n\n\n<p style=\"font-size:clamp(14px, 0.875rem + ((1vw - 3.2px) * 0.732), 20px);\">Do motywu przewodniego, nawi\u0105zywa\u0107 b\u0119d\u0105 nie tylko referaty, ale r\u00f3wnie\u017c dwa panele tematyczne. Pierwszy z nich \u2013 dyskusyjny \u2013 zgromadzi kluczowe postacie wroc\u0142awskiego \u015brodowiska muzycznego, reprezentuj\u0105ce odmienne specjalno\u015bci artystyczne, co stworzy wyj\u0105tkow\u0105 przestrze\u0144 do wymiany do\u015bwiadcze\u0144 zwi\u0105zanych ze wsp\u00f3\u0142prac\u0105 mi\u0119dzy muzykami oraz wielo\u015bci\u0105 interpretacji jednego dzie\u0142a muzycznego. Drugi panel \u2013 ekologiczny \u2013 po\u015bwi\u0119cony b\u0119dzie wyzwaniom stoj\u0105cym przed artystami anga\u017cuj\u0105cymi si\u0119 w dzia\u0142ania&nbsp;na rzecz ochrony \u015brodowiska. Poruszymy kwestie ograniczania wykorzystywanych materia\u0142\u00f3w oraz sposob\u00f3w propagowania proekologicznych postaw w najbli\u017cszym otoczeniu.<\/p>\n\n\n\n<p style=\"font-size:clamp(14px, 0.875rem + ((1vw - 3.2px) * 0.732), 20px);\">Wydarzenie odb\u0119dzie si\u0119 w trybie hybrydowym \u2013 prelegenci prezentowa\u0107 b\u0119d\u0105 swoje referaty w siedzibie uczelni, a s\u0142uchacze b\u0119d\u0105 mieli mo\u017cliwo\u015b\u0107 ogl\u0105dania ich tak na \u017cywo, jak i poprzez transmisj\u0119 na platformie YouTube.<\/p>\n\n\n\n<p style=\"font-size:clamp(14px, 0.875rem + ((1vw - 3.2px) * 0.732), 20px);\">Zapisy na konferencj\u0119 \u2013 zar\u00f3wno dla uczestnik\u00f3w czynnych jak i biernych \u2013 przyjmowane&nbsp;s\u0105 poprzez formularze elektroniczne, dost\u0119pne na stronie internetowej wydarzenia \u2013<a href=\"http:\/\/www.ambiguity.amkl.edu.pl\" data-type=\"link\" data-id=\"www.ambiguity.amkl.edu.pl\">&nbsp;<strong>www.ambiguity.amkl.edu.pl<\/strong><\/a>. Zgodnie z Regulaminem uczestnicy czynni musz\u0105 przes\u0142a\u0107 je&nbsp;<strong>do 12 kwietnia 2026 roku<\/strong>, a bierni \u2013 do 10 maja 2026 roku. Do\u0142\u0105czone przez prelegent\u00f3w abstrakty podlega\u0107 b\u0119d\u0105 ocenie oraz decydowa\u0107 b\u0119d\u0105 o ostatecznym dopuszczeniu referatu&nbsp;do prezentacji.<\/p>\n\n\n\n<p style=\"font-size:clamp(14px, 0.875rem + ((1vw - 3.2px) * 0.732), 20px);\">Uprzejmie informujemy, i\u017c czas wyst\u0105pienia referenta nie powinien przekroczy\u0107 30 minut. Celem przejrzysto\u015bci wyk\u0142adu wymagamy sporz\u0105dzenia do niego prezentacji multimedialnej. Dwudziestominutowe dyskusje, tycz\u0105ce si\u0119 referat\u00f3w odbywa\u0107 si\u0119 b\u0119d\u0105 po poszczeg\u00f3lnych panelach. J\u0119zykiem wyk\u0142adowym Konferencji jest j\u0119zyk polski.<\/p>\n\n\n\n<p style=\"font-size:clamp(14px, 0.875rem + ((1vw - 3.2px) * 0.732), 20px);\">Op\u0142ata za uczestnictwo czynne w Konferencji wynosi 60 z\u0142otych, studenci Akademii Muzycznej im. Karola Lipi\u0144skiego we Wroc\u0142awiu pozostaj\u0105 z niej zwolnieni. Uczestnictwo bierne jest bezp\u0142atne.<\/p>\n\n\n\n<p style=\"font-size:clamp(14px, 0.875rem + ((1vw - 3.2px) * 0.732), 20px);\">Z okazji Konferencji nawi\u0105zana zosta\u0142a partnerska wsp\u00f3\u0142praca ze studentami wroc\u0142awskiej Akademii Sztuk Pi\u0119knych im. Eugeniusza Gepperta, kt\u00f3rzy przygotuj\u0105 wystaw\u0119 prac inspirowanych motywem przewodnim tegorocznej&nbsp;Wieloznaczno\u015bci. Ekspozycja ta naturalnie dope\u0142ni fina\u0142owy koncert kompozytorski, podczas kt\u00f3rego zaprezentowane zostan\u0105 utwory student\u00f3w naszej uczelni, powsta\u0142e w ramach wspomnianej wsp\u00f3\u0142pracy z Ko\u0142em Naukowym Katedry Grafiki Artystycznej&nbsp;oraz Ko\u0142em Naukowo-Badawczym Malarzy&nbsp;#f(zero)f. B\u0119d\u0105 to intermedialne, symbiotyczne realizacje \u2013 rezultat interdyscyplinarnych duet\u00f3w tw\u00f3rczych, prezentuj\u0105cych r\u00f3\u017cnorodne uj\u0119cia dialogu pomi\u0119dzy sztukami plastycznymi&nbsp;a muzyk\u0105. Konferencji towarzyszy\u0107 b\u0119d\u0105 r\u00f3wnie\u017c mniej formalne aktywno\u015bci: zaprosimy uczestnik\u00f3w do wsp\u00f3lnego zwiedzania miasta oraz do spotka\u0144 sprzyjaj\u0105cych integracji \u015brodowiskowej i nawi\u0105zywaniu nowych kontakt\u00f3w.<\/p>\n\n\n\n<p style=\"font-size:clamp(14px, 0.875rem + ((1vw - 3.2px) * 0.732), 20px);\">Szczeg\u00f3\u0142owe informacje dotycz\u0105ce Konferencji, w tym regulamin, znajduj\u0105 si\u0119 na stronie internetowej wydarzenia \u2013<strong><a href=\"http:\/\/www.ambiguity.amkl.edu.pl\" data-type=\"link\" data-id=\"www.ambiguity.amkl.edu.pl\">www.ambiguity.amkl.edu.pl<\/a><\/strong>. Zapraszamy r\u00f3wnie\u017c do \u015bledzenia bie\u017c\u0105cych komunikat\u00f3w na mediach spo\u0142eczno\u015bciowych Ko\u0142a Naukowo-Artystycznego Kompozycji i Teorii Muzyki, do kt\u00f3rych \u0142\u0105cza znajduj\u0105 si\u0119 na stronie. W razie pyta\u0144 zach\u0119camy do kontaktu pod adresem&nbsp;<strong>ambiguity@amkl.edu.pl<\/strong>.<\/p>\n\n\n\n<p style=\"font-size:clamp(14px, 0.875rem + ((1vw - 3.2px) * 0.732), 20px);\">Liczymy, i\u017c tematyka oraz program wydarzenia zainspiruj\u0105 Pa\u0144stwa oraz zach\u0119c\u0105&nbsp;do pozytywnej odpowiedzi na powy\u017csze zaproszenie. Mamy nadziej\u0119, \u017ce dwunasta edycja&nbsp;Wieloznaczno\u015bci D\u017awi\u0119ku b\u0119dzie kolejn\u0105 okazj\u0105 do integracji \u015brodowiska naukowo-artystycznego, a przede wszystkim \u2013 miejscem wymiany do\u015bwiadcze\u0144 i wa\u017cnym punktem&nbsp;na drodze rozwoju tak dla bada\u0144, jak i dla badaczy.<\/p>\n\n\n\n<div style=\"height:22px\" aria-hidden=\"true\" class=\"wp-block-spacer\"><\/div>\n","protected":false},"excerpt":{"rendered":"<p>Ko\u0142o Naukowo-Artystyczne Kompozycji i Teorii Muzyki Akademii Muzycznej&nbsp;im. Karola Lipi\u0144skiego we Wroc\u0142awiu ma zaszczyt zaprosi\u0107 na&nbsp;XII edycj\u0119&nbsp;Studenckiej Konferencji Naukowej&nbsp;Wieloznaczno\u015b\u0107 D\u017awi\u0119ku. Odb\u0119dzie si\u0119 ona w dniach&nbsp;12\u201313 maja 2026 roku. Honorowy patronat nad wydarzeniem obj\u0105\u0142 Jego Magnificencja Rektor prof. dr hab. Krystian Kie\u0142b. Tegoroczna edycja wchodzi w sk\u0142ad&nbsp;Studenckiego Forum D\u017awi\u0119ku&nbsp;\u2013 intermedialnego przedsi\u0119wzi\u0119cia integruj\u0105cego dzia\u0142alno\u015b\u0107 naukow\u0105, artystyczn\u0105 i [&hellip;]<\/p>\n","protected":false},"author":4,"featured_media":0,"parent":0,"menu_order":0,"comment_status":"closed","ping_status":"closed","template":"","meta":{"footnotes":""},"class_list":["post-196","page","type-page","status-publish","hentry"],"_links":{"self":[{"href":"https:\/\/ambiguity.amkl.edu.pl\/index.php?rest_route=\/wp\/v2\/pages\/196","targetHints":{"allow":["GET"]}}],"collection":[{"href":"https:\/\/ambiguity.amkl.edu.pl\/index.php?rest_route=\/wp\/v2\/pages"}],"about":[{"href":"https:\/\/ambiguity.amkl.edu.pl\/index.php?rest_route=\/wp\/v2\/types\/page"}],"author":[{"embeddable":true,"href":"https:\/\/ambiguity.amkl.edu.pl\/index.php?rest_route=\/wp\/v2\/users\/4"}],"replies":[{"embeddable":true,"href":"https:\/\/ambiguity.amkl.edu.pl\/index.php?rest_route=%2Fwp%2Fv2%2Fcomments&post=196"}],"version-history":[{"count":9,"href":"https:\/\/ambiguity.amkl.edu.pl\/index.php?rest_route=\/wp\/v2\/pages\/196\/revisions"}],"predecessor-version":[{"id":455,"href":"https:\/\/ambiguity.amkl.edu.pl\/index.php?rest_route=\/wp\/v2\/pages\/196\/revisions\/455"}],"wp:attachment":[{"href":"https:\/\/ambiguity.amkl.edu.pl\/index.php?rest_route=%2Fwp%2Fv2%2Fmedia&parent=196"}],"curies":[{"name":"wp","href":"https:\/\/api.w.org\/{rel}","templated":true}]}}