{"id":441,"date":"2026-04-22T18:52:03","date_gmt":"2026-04-22T16:52:03","guid":{"rendered":"https:\/\/ambiguity.amkl.edu.pl\/?page_id=441"},"modified":"2026-04-28T19:15:53","modified_gmt":"2026-04-28T17:15:53","slug":"koncert-kompozytorski-i-wystawa","status":"publish","type":"page","link":"https:\/\/ambiguity.amkl.edu.pl\/?page_id=441","title":{"rendered":"koncert kompozytorski i wystawa"},"content":{"rendered":"\n<p class=\"has-text-align-center\"><strong>data: 13 maja 2026<br>godzina: 17.00 (wernisa\u017c) 18.00 (koncert kompozytorski)<br>miejsce: Sala Teatralna Akademii Muzycznej im. Karola Lipi\u0144skiego we Wroc\u0142awiu<br>wst\u0119p wolny<\/strong><\/p>\n\n\n\n<figure class=\"wp-block-image size-full is-resized\"><img loading=\"lazy\" decoding=\"async\" width=\"851\" height=\"315\" src=\"https:\/\/ambiguity.amkl.edu.pl\/wp-content\/uploads\/2026\/04\/Rozumiem-ze-juz-nie-mamy-gablot-w-Akademii.jpg\" alt=\"\" class=\"wp-image-470\" style=\"object-fit:cover;width:960px;height:auto\" srcset=\"https:\/\/ambiguity.amkl.edu.pl\/wp-content\/uploads\/2026\/04\/Rozumiem-ze-juz-nie-mamy-gablot-w-Akademii.jpg 851w, https:\/\/ambiguity.amkl.edu.pl\/wp-content\/uploads\/2026\/04\/Rozumiem-ze-juz-nie-mamy-gablot-w-Akademii-300x111.jpg 300w, https:\/\/ambiguity.amkl.edu.pl\/wp-content\/uploads\/2026\/04\/Rozumiem-ze-juz-nie-mamy-gablot-w-Akademii-768x284.jpg 768w\" sizes=\"auto, (max-width: 851px) 100vw, 851px\" \/><\/figure>\n\n\n\n<div style=\"height:0px\" aria-hidden=\"true\" class=\"wp-block-spacer\"><\/div>\n\n\n\n<div style=\"height:20px\" aria-hidden=\"true\" class=\"wp-block-spacer\"><\/div>\n\n\n\n<p>Nadchodz\u0105cy koncert i wystawa to interdyscyplinarne wydarzenie \u0142\u0105cz\u0105ce \u015bwiaty muzyki i sztuk plastycznych. Projekt jest efektem wsp\u00f3\u0142pracy student\u00f3w i studentek Akademii Muzycznej im. Karola Lipi\u0144skiego we Wroc\u0142awiu oraz Akademii Sztuk Pi\u0119knych im. Eugeniusza Gepperta we Wroc\u0142awiu. Program wydarzenia tworzy wielowarstwow\u0105 opowie\u015b\u0107 o pami\u0119ci, trudzie codzienno\u015bci i poszukiwaniu to\u017csamo\u015bci w \u015bwiecie rozpi\u0119tym mi\u0119dzy natur\u0105 a cywilizacyjnym po\u015bpiechem. Reprezentanci najm\u0142odszego pokolenia tw\u00f3rc\u00f3w biegle \u0142\u0105cz\u0105 tradycyjne rzemios\u0142o z nowoczesnymi technologiami, poszukuj\u0105c nowych eksperymentalnych form wyrazu w relacji z odbiorc\u0105. Podejmuj\u0105 pr\u00f3b\u0119 zatarcia granic mi\u0119dzy zmys\u0142ami, gdzie d\u017awi\u0119k i obraz staj\u0105 si\u0119 jedno\u015bci\u0105.<\/p>\n\n\n\n<p>Podczas koncertu us\u0142yszymy 6 kompozycji, kt\u00f3re powsta\u0142y w efekcie wsp\u00f3\u0142pracy duet\u00f3w sk\u0142adaj\u0105cych si\u0119 z kompozytor\u00f3w i plastyk\u00f3w. Muzyka, kt\u00f3r\u0105 zaprezentuj\u0105 m\u0142odzi wykonawcy z Akademii Muzycznej, zosta\u0142a zainspirowana obrazami stworzonymi specjalnie na t\u0119 okazj\u0119. Prace plastyczne zosta\u0142y stworzone przez student\u00f3w ASP we wsp\u00f3\u0142pracy z dwoma studenckimi organizacjami: Ko\u0142em Naukowym Katedry Grafiki Artystycznej&nbsp;oraz Ko\u0142em Naukowo-Badawczym Malarzy&nbsp;#f(zero)f. Wystaw\u0119 <em>Synestezja<\/em> ogl\u0105da\u0107 b\u0119dzie mo\u017cna w holu Budynku E Akademii Muzycznej w dniach 11\u201327 maja 2026. Wernisa\u017c wystawy odb\u0119dzie si\u0119 13 maja 2026 o godzinie 17.00.<\/p>\n\n\n\n<p>Wydarzenie uka\u017ce, jak g\u0142\u0119boko zakorzeniona w m\u0142odym pokoleniu tw\u00f3rc\u00f3w jest potrzeba syntezy sztuk. Wystawa i koncert nie s\u0105 jedynie prezentacj\u0105 gotowych produkt\u00f3w, ale procesem, w kt\u00f3rym studenci r\u00f3\u017cnych uczelni wymieniaj\u0105 si\u0119 ideami i fascynacjami. To \u015bwiadectwo sztuki, kt\u00f3ra nie boi si\u0119 pyta\u0107 o trudne relacje z natur\u0105, o problemy codzienno\u015bci czy o ci\u0119\u017car historii, jednocze\u015bnie oferuj\u0105c nowoczesny warsztat i \u015bwie\u017ce spojrzenie na tradycyjne media. Dla odbiorcy jest to zaproszenie do \u015bwiata, w kt\u00f3rym zmys\u0142y nie dzia\u0142aj\u0105 w izolacji, lecz buduj\u0105 now\u0105 jako\u015b\u0107 do\u015bwiadczenia \u2013 tak\u0105, kt\u00f3ra pozwala lepiej zrozumie\u0107 w\u0142asne po\u0142o\u017cenie w czasie i przestrzeni. <\/p>\n\n\n\n<p>W trakcie Koncertu Kompozytorskiego zabrzmi\u0105 kompozycje: Anastazji Delebarre-Debay, Niny K\u0119dzierskiej, Micha\u0142a Kulbackiego, Olesia Kulczewicza, Karoliny Ku\u0142agi oraz Julii \u0141abowskiej,<\/p>\n\n\n\n<p>Autorkami_rami prac prezentowanych na wystawie <em>Synestezja<\/em> s\u0105: Sasza Jackowska, Gabriel Konieczny, Agata Kosiak, Wiktoria Kowalczyk, Magdalena Kr\u00f3l, Patrycja Mielcarek, Maja Mi\u015bta, Ewa Motoszko, Paulina Musik, Karolina Ostrowska, Agnieszka Pieczonka, Ignacy P\u0119ka\u0142a, Ariel Rojek, Helena Swirtun oraz Jaga Zdeb.<br>Opieka kuratorska: Ariel Rojek.<\/p>\n","protected":false},"excerpt":{"rendered":"<p>data: 13 maja 2026godzina: 17.00 (wernisa\u017c) 18.00 (koncert kompozytorski)miejsce: Sala Teatralna Akademii Muzycznej im. Karola Lipi\u0144skiego we Wroc\u0142awiuwst\u0119p wolny Nadchodz\u0105cy koncert i wystawa to interdyscyplinarne wydarzenie \u0142\u0105cz\u0105ce \u015bwiaty muzyki i sztuk plastycznych. Projekt jest efektem wsp\u00f3\u0142pracy student\u00f3w i studentek Akademii Muzycznej im. Karola Lipi\u0144skiego we Wroc\u0142awiu oraz Akademii Sztuk Pi\u0119knych im. Eugeniusza Gepperta we Wroc\u0142awiu. [&hellip;]<\/p>\n","protected":false},"author":4,"featured_media":0,"parent":0,"menu_order":0,"comment_status":"closed","ping_status":"closed","template":"","meta":{"footnotes":""},"class_list":["post-441","page","type-page","status-publish","hentry"],"_links":{"self":[{"href":"https:\/\/ambiguity.amkl.edu.pl\/index.php?rest_route=\/wp\/v2\/pages\/441","targetHints":{"allow":["GET"]}}],"collection":[{"href":"https:\/\/ambiguity.amkl.edu.pl\/index.php?rest_route=\/wp\/v2\/pages"}],"about":[{"href":"https:\/\/ambiguity.amkl.edu.pl\/index.php?rest_route=\/wp\/v2\/types\/page"}],"author":[{"embeddable":true,"href":"https:\/\/ambiguity.amkl.edu.pl\/index.php?rest_route=\/wp\/v2\/users\/4"}],"replies":[{"embeddable":true,"href":"https:\/\/ambiguity.amkl.edu.pl\/index.php?rest_route=%2Fwp%2Fv2%2Fcomments&post=441"}],"version-history":[{"count":15,"href":"https:\/\/ambiguity.amkl.edu.pl\/index.php?rest_route=\/wp\/v2\/pages\/441\/revisions"}],"predecessor-version":[{"id":471,"href":"https:\/\/ambiguity.amkl.edu.pl\/index.php?rest_route=\/wp\/v2\/pages\/441\/revisions\/471"}],"wp:attachment":[{"href":"https:\/\/ambiguity.amkl.edu.pl\/index.php?rest_route=%2Fwp%2Fv2%2Fmedia&parent=441"}],"curies":[{"name":"wp","href":"https:\/\/api.w.org\/{rel}","templated":true}]}}