{"id":64,"date":"2025-11-21T12:03:38","date_gmt":"2025-11-21T11:03:38","guid":{"rendered":"https:\/\/ambiguity.amkl.edu.pl\/?page_id=64"},"modified":"2025-11-21T13:14:32","modified_gmt":"2025-11-21T12:14:32","slug":"regulamin","status":"publish","type":"page","link":"https:\/\/ambiguity.amkl.edu.pl\/?page_id=64","title":{"rendered":"regulamin"},"content":{"rendered":"\n<p><\/p>\n\n\n\n<p class=\"has-text-align-center\"><strong>Rozdzia\u0142 I<br>Postanowienia og\u00f3lne<\/strong><\/p>\n\n\n\n<p class=\"has-text-align-center\"><strong>\u00a7 1.<\/strong><\/p>\n\n\n\n<p>Regulamin XII Studenckiej Konferencji Naukowej\u00a0<em>Wieloznaczno\u015b\u0107 D\u017awi\u0119ku<\/em>,\u00a0zwany dalej Regulaminem, okre\u015bla organizacj\u0119 oraz warunki uczestnictwa\u00a0w XII Studenckiej Konferencji Naukowej\u00a0<em>Wieloznaczno\u015b\u0107 D\u017awi\u0119ku<\/em>.<\/p>\n\n\n\n<p class=\"has-text-align-center\"><strong>\u00a7 2.<\/strong><\/p>\n\n\n\n<p>Ilekro\u0107 w Regulaminie jest mowa o:<\/p>\n\n\n\n<ol class=\"wp-block-list\">\n<li>Konferencji, nale\u017cy przez to rozumie\u0107 XII Studenck\u0105 Konferencj\u0119\u00a0Naukow\u0105\u00a0<em>Wieloznaczno\u015b\u0107 D\u017awi\u0119ku<\/em>,<\/li>\n\n\n\n<li>Akademii, nale\u017cy przez to rozumie\u0107 Akademi\u0119 Muzyczn\u0105 im. Karola Lipi\u0144skiego\u00a0we Wroc\u0142awiu,<\/li>\n\n\n\n<li>Kole, nale\u017cy przez to rozumie\u0107 Ko\u0142o Artystyczno-Naukowe Kompozycji\u00a0i Teorii Muzyki, dzia\u0142aj\u0105ce przy Wydziale Kompozycji, Dyrygentury, Teorii Muzyki\u00a0i Muzykoterapii Akademii Muzycznej im. Karola Lipi\u0144skiego we Wroc\u0142awiu,<\/li>\n\n\n\n<li>Formularzu Zg\u0142oszeniowym, nale\u017cy przez to rozumie\u0107 odpowiedni\u00a0dla rodzaju uczestnictwa formularz internetowy, oparty o technologi\u0119 Google Forms, do kt\u00f3rych odno\u015bniki opublikowane zostan\u0105 wraz z Regulaminem\u00a0na stronie internetowej Akademii, pod adresem www.amuz.wroc.pl.<\/li>\n<\/ol>\n\n\n\n<p class=\"has-text-align-center\"><strong>\u00a7 3.<\/strong><\/p>\n\n\n\n<p>Celem Konferencji jest pog\u0142\u0119bianie wiedzy o charakterze interdyscyplinarnym,\u00a0dotycz\u0105cej dziedziny, jak\u0105\u00a0jest muzyka, a tak\u017ce poszerzanie horyzont\u00f3w my\u015blowych, integracja \u015brodowiska akademickiego i artystycznego dzielenie si\u0119 swoim do\u015bwiadczeniem oraz innowacyjnymi technikami stosowanymi w badaniach dotycz\u0105cych sztuki.<\/p>\n\n\n\n<p class=\"has-text-align-center\"><strong>\u00a7 4.<\/strong><\/p>\n\n\n\n<p>Organizatorem Konferencji jest Ko\u0142o Artystyczno-Naukowe Kompozycji i Teorii Muzyki, dzia\u0142aj\u0105ce przy Wydziale Kompozycji, Dyrygentury, Teorii Muzyki i Muzykoterapii Akademii Muzycznej im. Karola Lipi\u0144skiego we Wroc\u0142awiu, z siedzib\u0105 przy pl. Jana Paw\u0142a II nr 2,\u00a050-043 Wroc\u0142aw.<\/p>\n\n\n\n<p class=\"has-text-align-center\"><strong>\u00a7 5.<\/strong><\/p>\n\n\n\n<ol class=\"wp-block-list\">\n<li>Kierownictwo merytoryczne nad Konferencj\u0105 sprawuje prof. dr hab. Anna Granat-Janki.<\/li>\n\n\n\n<li>Kierownictwo organizacyjne nad Konferencj\u0105 sprawuje Przewodnicz\u0105cy Komitetu Organizacyjnego XII Studenckiej Konferencji Naukowej\u00a0<em>Wieloznaczno\u015b\u0107 D\u017awi\u0119ku<\/em>.<\/li>\n\n\n\n<li>Zarz\u0105d Ko\u0142a Naukowo-Artystycznego Kompozycji i Teorii Muzyki wyznacza swoj\u0105 uchwa\u0142\u0105 przewodnicz\u0105cego, wiceprzewodnicz\u0105cego oraz sk\u0142ad Komitetu Organizacyjnego\u00a0XII Studenckiej Konferencji Naukowej\u00a0<em>Wieloznaczno\u015b\u0107 D\u017awi\u0119ku<\/em>.<\/li>\n\n\n\n<li>Funkcj\u0119 koordynatora merytorycznego sprawuj\u0105 wyk\u0142. mgr Joanna Ko\u0142odziejska\u00a0oraz wyk\u0142. mgr Urszula Koza.\u00a0<\/li>\n<\/ol>\n\n\n\n<p class=\"has-text-align-center\"><strong>\u00a7 6.<\/strong><\/p>\n\n\n\n<p>Konferencja odb\u0119dzie si\u0119 w formie hybrydowej w terminie\u00a0<strong>12\u201313 maja 2026 roku<\/strong> w siedzibie Akademii.<\/p>\n\n\n\n<p class=\"has-text-align-center\"><strong>Rozdzia\u0142 II<br>Uczestnicy<\/strong><\/p>\n\n\n\n<p class=\"has-text-align-center\"><strong>\u00a7 7.<\/strong><\/p>\n\n\n\n<p>W Konferencji mog\u0105 wzi\u0105\u0107 udzia\u0142:<\/p>\n\n\n\n<ol class=\"wp-block-list\">\n<li>studenci,<\/li>\n\n\n\n<li>doktoranci,<\/li>\n\n\n\n<li>absolwenci,<\/li>\n<\/ol>\n\n\n\n<p>kierunk\u00f3w teoria muzyki, muzykologia oraz innych dyscyplin akademickich, kt\u00f3rym bliska jest tematyka Konferencji.<\/p>\n\n\n\n<p class=\"has-text-align-center\"><strong>\u00a7 8.<\/strong><\/p>\n\n\n\n<p>Uczestnictwo mo\u017ce nast\u0105pi\u0107 w formie czynnej lub biernej.<\/p>\n\n\n\n<p class=\"has-text-align-center\"><strong>\u00a7 9.<\/strong><\/p>\n\n\n\n<ol class=\"wp-block-list\">\n<li>Uczestnictwo czynne obejmuje:<\/li>\n\n\n\n<li>przedstawienie wyst\u0105pienia w charakterze prelegenta,<\/li>\n\n\n\n<li>udzia\u0142 we wszystkich wydarzeniach Konferencji,<\/li>\n\n\n\n<li>mo\u017cliwo\u015b\u0107 uczestnictwa w naborze artyku\u0142\u00f3w do publikacji pokonferencyjnej.<\/li>\n\n\n\n<li>Uczestnictwo czynne odbywa si\u0119\u00a0wy\u0142\u0105cznie w formie stacjonarnej.<\/li>\n\n\n\n<li>Uczestnik czynny otrzymuje:<\/li>\n\n\n\n<li>materia\u0142y konferencyjne,<\/li>\n\n\n\n<li>za\u015bwiadczenie o uczestnictwie czynnym (w charakterze prelegenta).<\/li>\n<\/ol>\n\n\n\n<p class=\"has-text-align-center\"><strong>\u00a7 10.<\/strong><\/p>\n\n\n\n<ol class=\"wp-block-list\">\n<li>Uczestnictwo bierne obejmuje udzia\u0142 we wszystkich wydarzeniach Konferencji.<\/li>\n\n\n\n<li>Uczestnictwo bierne odbywa\u0107 si\u0119 mo\u017ce w formie stacjonarnej lub zdalnej.<\/li>\n\n\n\n<li>Uczestnik bierny otrzymuje:<\/li>\n\n\n\n<li>materia\u0142y konferencyjne,<\/li>\n\n\n\n<li>za\u015bwiadczenie o uczestnictwie biernym (w charakterze s\u0142uchacza).<\/li>\n<\/ol>\n\n\n\n<p class=\"has-text-align-center\"><strong>\u00a7 11.<\/strong><\/p>\n\n\n\n<ol class=\"wp-block-list\">\n<li>Uczestnictwo zdalne odbywa si\u0119\u00a0za pomoc\u0105 platformy YouTube, gdzie prowadzona b\u0119dzie transmisja trwaj\u0105cych prezentacji. Szczeg\u00f3\u0142owe zasady uczestnictwa zdalnego organizator okre\u015bli w terminie\u00a0do 9 maja 2026 roku.<\/li>\n\n\n\n<li>Uczestnictwo zdalne wymaga spe\u0142nienia wymog\u00f3w technicznych i sprz\u0119towych,<br>kt\u00f3re wskazane zosta\u0142y przez dostawc\u0119 platformy YouTube, a dost\u0119pne s\u0105 pod adresem\u00a0<a href=\"https:\/\/support.google.com\/youtube\/answer\/78358?hl=pl\">https:\/\/support.google.com\/youtube\/answer\/78358?hl=pl<\/a>.<\/li>\n\n\n\n<li>Organizator nie ponosi odpowiedzialno\u015bci za wszelkie problemy wynik\u0142e po stronie uczestnika, dostawcy platformy lub z przyczyny dzia\u0142ania os\u00f3b trzecich.<\/li>\n<\/ol>\n\n\n\n<p class=\"has-text-align-center\"><strong>Rozdzia\u0142 III<br>Zg\u0142oszenia<\/strong><\/p>\n\n\n\n<p class=\"has-text-align-center\"><strong>\u00a7 12.<\/strong><\/p>\n\n\n\n<p>Warunkiem uczestnictwa w Konferencji jest rejestracja za po\u015brednictwem odpowiedniego dla rodzaju uczestnictwa Formularza Zg\u0142oszeniowego, do kt\u00f3rych odno\u015bniki znajduj\u0105 si\u0119 na stronie internetowej Akademii, w\u0142\u0105cznie z zamieszczeniem w nim wszystkich wymaganych za\u0142\u0105cznik\u00f3w oraz akceptacj\u0105\u00a0wymaganych zg\u00f3d, stanowi\u0105cych za\u0142\u0105cznik do Regulaminu.<\/p>\n\n\n\n<p class=\"has-text-align-center\"><strong>\u00a7 13.<\/strong><\/p>\n\n\n\n<ol class=\"wp-block-list\">\n<li>Formularz Zg\u0142oszeniowy uczestnictwa czynnego nale\u017cy przes\u0142a\u0107 wraz z abstraktem\u00a0w terminie\u00a0do 12 kwietnia 2026 roku.<\/li>\n\n\n\n<li>Abstrakt powinien liczy\u0107 od 200 do 300 s\u0142\u00f3w i zosta\u0107 dostarczony w formacie .docx.<\/li>\n\n\n\n<li>Organizator w terminie do\u00a019 kwietnia 2026 roku\u00a0dokonuje oceny przes\u0142anych abstrakt\u00f3w, uwzgl\u0119dniaj\u0105c ich wk\u0142ad merytoryczny w zakresie obj\u0119tym tematyk\u0105 Konferencji oraz informuje na adres mailowy podany w zg\u0142oszeniu osoby zg\u0142aszaj\u0105ce ch\u0119\u0107 uczestnictwa o ich zakwalifikowaniu, b\u0105d\u017a te\u017c odrzuceniu zg\u0142oszenia do wyst\u0119pu w charakterze prelegenta.<\/li>\n\n\n\n<li>W przypadku zakwalifikowania do udzia\u0142u czynnego prelegent zobowi\u0105zuje si\u0119<br>do przes\u0142ania na adres poczty elektronicznej ambiguity@amkl.edu.pl potwierdzenia przelewu op\u0142aty wpisowej w terminie\u00a0do 26 kwietnia 2026 roku, a tak\u017ce\u00a0towarzysz\u0105cej wyst\u0105pieniu prezentacji\u00a0multimedialnej (w formacie .pptx oraz .pdf z osadzeniem tekstu) \u2013 do 3 maja 2026 roku.<\/li>\n<\/ol>\n\n\n\n<p class=\"has-text-align-center\"><strong>\u00a7 13a.<\/strong><\/p>\n\n\n\n<p>Formularz Zg\u0142oszeniowy uczestnictwa biernego nale\u017cy przes\u0142a\u0107 w terminie\u00a0do 10 maja 2026 roku.<\/p>\n\n\n\n<p class=\"has-text-align-center\"><strong>Rozdzia\u0142 IV<br>Op\u0142aty<\/strong><\/p>\n\n\n\n<p class=\"has-text-align-center\"><strong>\u00a7 14.<\/strong><\/p>\n\n\n\n<p>Op\u0142aty i koszta zwi\u0105zane z udzia\u0142em w Konferencji pokrywaj\u0105 uczestnicy lub instytucje deleguj\u0105ce.<\/p>\n\n\n\n<p class=\"has-text-align-center\"><strong>\u00a7 15.<\/strong><\/p>\n\n\n\n<ol class=\"wp-block-list\">\n<li>Op\u0142ata za udzia\u0142 czynny w Konferencji wynosi 60 PLN.<\/li>\n\n\n\n<li>Udzia\u0142 czynny student\u00f3w i doktorant\u00f3w Akademii Muzycznej im. Karola Lipi\u0144skiego\u00a0<br>we Wroc\u0142awiu jest bezp\u0142atny.<\/li>\n<\/ol>\n\n\n\n<p class=\"has-text-align-center\"><strong>\u00a7 16.<\/strong><\/p>\n\n\n\n<p>Udzia\u0142 bierny w Konferencji jest bezp\u0142atny.<\/p>\n\n\n\n<p class=\"has-text-align-center\"><strong>\u00a7 17.<\/strong><\/p>\n\n\n\n<p>Op\u0142at\u0119 za udzia\u0142 w Konferencji nale\u017cy wnosi\u0107 przelewem bankowym na rachunek bankowy Akademii, zgodnie z poni\u017cszym wzorem:<\/p>\n\n\n\n<figure class=\"wp-block-table\"><table class=\"has-fixed-layout\"><tbody><tr><td>tytu\u0142 przelewu<\/td><td>[imi\u0119 i nazwisko uczestnika], Konferencja&nbsp;<em>Wieloznaczno\u015b\u0107<\/em>&nbsp;2026<\/td><\/tr><tr><td colspan=\"2\">dane do przelew\u00f3w krajowych<\/td><\/tr><tr><td>numer rachunku<\/td><td>40 1090 2398 0000 0001 0205 0428<\/td><\/tr><tr><td colspan=\"2\">dane do przelew\u00f3w zagranicznych<\/td><\/tr><tr><td>numer rachunku<\/td><td>PL 40 1090 2398 0000 0001 0205 0428<\/td><\/tr><tr><td>SWIFT<\/td><td>WBKPPLPP<\/td><\/tr><\/tbody><\/table><\/figure>\n\n\n\n<p class=\"has-text-align-center\"><strong>\u00a7 18.<\/strong><\/p>\n\n\n\n<ol class=\"wp-block-list\">\n<li>W przypadku konieczno\u015bci wystawienia faktury za dokonanie op\u0142aty wpisowej nale\u017cy przed dokonaniem takiej op\u0142aty przes\u0142a\u0107 wiadomo\u015b\u0107 z pro\u015bb\u0105 o wystawienie faktury\u00a0<br>na adres: faktury@amkl.edu.pl oraz przekaza\u0107 powy\u017csz\u0105 informacj\u0119 Organizatorom\u00a0<br>w Formularzu Zg\u0142oszeniowym.<\/li>\n\n\n\n<li>Faktury mog\u0105 zosta\u0107 wystawione wy\u0142\u0105cznie na instytucj\u0119 lub osob\u0119, kt\u00f3ra bezpo\u015brednio dokona\u0142a ju\u017c wp\u0142aty na konto Organizatora Konferencji.<\/li>\n<\/ol>\n\n\n\n<p class=\"has-text-align-center\"><strong>Rozdzia\u0142 V<br>Publikacja pokonferencyjna<\/strong><\/p>\n\n\n\n<p class=\"has-text-align-center\"><strong>\u00a7 19.<\/strong><\/p>\n\n\n\n<ol class=\"wp-block-list\">\n<li>Organizator mo\u017ce podj\u0105\u0107 decyzj\u0119 o otwarciu naboru artyku\u0142\u00f3w do publikacji pokonferencyjnej, o czym poinformuje prelegent\u00f3w poprzez podany w formularzu zg\u0142oszeniowym adres mailowy.<\/li>\n\n\n\n<li>Do powy\u017cszego zg\u0142osi\u0107 si\u0119 mo\u017ce uczestnik czynny, pod warunkiem, i\u017c w wyznaczonym przez Organizatora terminie:<ol><li>opracuje artyku\u0142 zgodnie z wytycznymi redakcyjnymi Wydawnictwa Akademii Muzycznej im. Karola Lipi\u0144skiego we Wroc\u0142awiu, kt\u00f3re Organizator za\u0142\u0105czy<br>do wspomnianej w ust. 1 informacj\u0105,<\/li><\/ol><ol><li>prze\u015ble tekst artyku\u0142u wraz z koniecznymi przyk\u0142adami graficznymi,<\/li><\/ol>\n<ol class=\"wp-block-list\">\n<li>prze\u015ble pisemn\u0105 rekomendacj\u0119 opiekuna naukowego, wskazanego uprzednio<br>w Formularzu Zg\u0142oszeniowym.<\/li>\n<\/ol>\n<\/li>\n\n\n\n<li>Opiekun naukowy, podpisuj\u0105c rekomendacj\u0119 wyra\u017ca zgod\u0119\u00a0na umieszczenie<br>jego nazwiska w publikacji konferencyjnej (ksi\u0105\u017ckowej oraz cyfrowej).<\/li>\n<\/ol>\n\n\n\n<p class=\"has-text-align-center\"><strong>Rozdzia\u0142 VI<br>Rezygnacja z uczestnictwa<\/strong><\/p>\n\n\n\n<p class=\"has-text-align-center\"><strong>\u00a7 20.<\/strong><\/p>\n\n\n\n<p>Rezygnacj\u0119 z udzia\u0142u w Konferencji ma obowi\u0105zek zg\u0142osi\u0107 zar\u00f3wno uczestnik czynny, jak i bierny.<\/p>\n\n\n\n<p class=\"has-text-align-center\"><strong>\u00a7 21.<\/strong><\/p>\n\n\n\n<p>O rezygnacji z udzia\u0142u w Konferencji nale\u017cy poinformowa\u0107 organizatora poprzez przes\u0142anie informacji na adres ambiguity@amkl.edu.pl.<\/p>\n\n\n\n<p class=\"has-text-align-center\"><strong>\u00a7 22.<\/strong><\/p>\n\n\n\n<p>W przypadku rezygnacji prelegenta z udzia\u0142u w Konferencji po&nbsp;dniu 3 maja 2026 roku&nbsp;Organizator zastrzega sobie prawo do niezwr\u00f3cenia op\u0142aty za czynny udzia\u0142.<\/p>\n\n\n\n<p class=\"has-text-align-center\"><strong>Rozdzia\u0142 VII<br>Postanowienia ko\u0144cowe<\/strong><\/p>\n\n\n\n<p class=\"has-text-align-center\"><strong>\u00a7 23.<\/strong><\/p>\n\n\n\n<ol class=\"wp-block-list\">\n<li>Organizator zastrzega sobie mo\u017cliwo\u015b\u0107 wprowadzenia zmian do Regulaminu.<\/li>\n\n\n\n<li>Zmiany Regulaminu og\u0142aszane b\u0119d\u0105 ka\u017cdorazowo na stronie internetowej Akademii.<\/li>\n<\/ol>\n\n\n\n<p class=\"has-text-align-center\"><strong>\u00a7 24.<\/strong><\/p>\n\n\n\n<p>Organizator zastrzega sobie mo\u017cliwo\u015b\u0107 odwo\u0142ania Konferencji z wa\u017cnych przyczyn.<\/p>\n\n\n\n<p class=\"has-text-align-center\"><strong>\u00a7 25.<\/strong><\/p>\n\n\n\n<p>Wszelkie pytania dotycz\u0105ce organizacji Konferencji nale\u017cy kierowa\u0107 pod adres poczty elektronicznej ambiguity@amkl.edu.pl.<\/p>\n\n\n\n<div style=\"height:42px\" aria-hidden=\"true\" class=\"wp-block-spacer\"><\/div>\n\n\n\n<div class=\"wp-block-buttons is-content-justification-center is-layout-flex wp-container-core-buttons-is-layout-a89b3969 wp-block-buttons-is-layout-flex\">\n<div class=\"wp-block-button\"><a class=\"wp-block-button__link has-text-align-center wp-element-button\" href=\"https:\/\/drive.google.com\/file\/d\/1bhO6WhfeJIlO3Y2awbdho20Z6XqghA7X\/view?usp=sharing\">otw\u00f3rz plik<\/a><\/div>\n<\/div>\n\n\n\n<div style=\"height:48px\" aria-hidden=\"true\" class=\"wp-block-spacer\"><\/div>\n","protected":false},"excerpt":{"rendered":"<p>Rozdzia\u0142 IPostanowienia og\u00f3lne \u00a7 1. Regulamin XII Studenckiej Konferencji Naukowej\u00a0Wieloznaczno\u015b\u0107 D\u017awi\u0119ku,\u00a0zwany dalej Regulaminem, okre\u015bla organizacj\u0119 oraz warunki uczestnictwa\u00a0w XII Studenckiej Konferencji Naukowej\u00a0Wieloznaczno\u015b\u0107 D\u017awi\u0119ku. \u00a7 2. Ilekro\u0107 w Regulaminie jest mowa o: \u00a7 3. Celem Konferencji jest pog\u0142\u0119bianie wiedzy o charakterze interdyscyplinarnym,\u00a0dotycz\u0105cej dziedziny, jak\u0105\u00a0jest muzyka, a tak\u017ce poszerzanie horyzont\u00f3w my\u015blowych, integracja \u015brodowiska akademickiego i artystycznego dzielenie [&hellip;]<\/p>\n","protected":false},"author":2,"featured_media":0,"parent":0,"menu_order":0,"comment_status":"closed","ping_status":"closed","template":"","meta":{"footnotes":""},"class_list":["post-64","page","type-page","status-publish","hentry"],"_links":{"self":[{"href":"https:\/\/ambiguity.amkl.edu.pl\/index.php?rest_route=\/wp\/v2\/pages\/64","targetHints":{"allow":["GET"]}}],"collection":[{"href":"https:\/\/ambiguity.amkl.edu.pl\/index.php?rest_route=\/wp\/v2\/pages"}],"about":[{"href":"https:\/\/ambiguity.amkl.edu.pl\/index.php?rest_route=\/wp\/v2\/types\/page"}],"author":[{"embeddable":true,"href":"https:\/\/ambiguity.amkl.edu.pl\/index.php?rest_route=\/wp\/v2\/users\/2"}],"replies":[{"embeddable":true,"href":"https:\/\/ambiguity.amkl.edu.pl\/index.php?rest_route=%2Fwp%2Fv2%2Fcomments&post=64"}],"version-history":[{"count":10,"href":"https:\/\/ambiguity.amkl.edu.pl\/index.php?rest_route=\/wp\/v2\/pages\/64\/revisions"}],"predecessor-version":[{"id":138,"href":"https:\/\/ambiguity.amkl.edu.pl\/index.php?rest_route=\/wp\/v2\/pages\/64\/revisions\/138"}],"wp:attachment":[{"href":"https:\/\/ambiguity.amkl.edu.pl\/index.php?rest_route=%2Fwp%2Fv2%2Fmedia&parent=64"}],"curies":[{"name":"wp","href":"https:\/\/api.w.org\/{rel}","templated":true}]}}