{"id":76,"date":"2025-11-21T12:05:01","date_gmt":"2025-11-21T11:05:01","guid":{"rendered":"https:\/\/ambiguity.amkl.edu.pl\/?page_id=76"},"modified":"2026-03-22T18:22:08","modified_gmt":"2026-03-22T17:22:08","slug":"transmisja","status":"publish","type":"page","link":"https:\/\/ambiguity.amkl.edu.pl\/?page_id=76","title":{"rendered":"historia"},"content":{"rendered":"\n<p>Pierwsza edycja <em>Wieloznaczno\u015bci D\u017awi\u0119ku<\/em> odby\u0142a si\u0119 w 2014 roku. Od pocz\u0105tku by\u0142o to wydarzenie bardzo wa\u017cne dla student\u00f3w_ek teorii muzyki, dyrygentury i kompozycji naszej Uczelni. G\u0142\u00f3wn\u0105 ide\u0105 jaka przy\u015bwieca\u0142a inicjatorom_kom by\u0142o stworzenie przestrzeni do interdyscyplinarnej dyskusji na temat natury d\u017awi\u0119ku. Od pocz\u0105tku go\u015bcili\u015bmy przedstawicieli_ki najr\u00f3\u017cniejszych dziedzin: teorii muzyki, muzykologii, psychologii muzyki, audiosfery, kompozycji. Tematyka przedstawiana przez uczestnik\u00f3w_czki jest zawsze bardzo szeroka: od klasycznych analiz muzyki minionych epok, przez por\u00f3wnawcze analizy nagra\u0144 i om\u00f3wienia utwor\u00f3w najm\u0142odszego kompozytorskiego pokolenia, po rozwa\u017cania estetyczne i dyskusje na temat kierunku, w kt\u00f3rym pod\u0105\u017ca\u0107 mog\u0142aby sztuka naszych czas\u00f3w oraz wiele, wiele innych.&nbsp;<\/p>\n\n\n\n<p>Nasza Konferencja to tak\u017ce wyk\u0142ady specjalne. Do tej pory go\u015bcili\u015bmy mi\u0119dzy innymi: psycholo\u017ck\u0119 muzyki dr Ameli\u0119 Golem\u0119, czeskiego artyst\u0119 i performera&nbsp;Vladimira Kiseljova, kompozytora<br>dr. Wojciecha B\u0142a\u017cejczyka, kompozytora dr. Piotra Klimka, kompozytora dr. Mateusza Ryczka, teoretyczk\u0119 muzyki prof. dr hab. Ew\u0119 Kowalsk\u0105-Zaj\u0105c, teoretyczk\u0119 muzyki dr hab. King\u0119 Kiwa\u0142\u0119 oraz wielu innych.<\/p>\n\n\n\n<p>Z czasem liczba referent\u00f3w_ek i podejmowanych przez nich temat\u00f3w zacz\u0119\u0142a rosn\u0105\u0107, wi\u0119c kolejne edycje zacz\u0119to organizowa\u0107 opatruj\u0105c je has\u0142ami przewodnimi. W ten spos\u00f3b kilka ostatnich ods\u0142on odby\u0142o si\u0119 pod has\u0142ami: <em>Estetyka, krytyka, eksperyment <\/em>(2022); <em>Mi\u0119dzy szale\u0144stwem a logik\u0105 <\/em>(2023); <em>Uniwersalizm a indywidualno\u015b\u0107 tw\u00f3rcy<\/em> (2024); <em>Pokoleniowo\u015b\u0107 w muzyce <\/em>(2025). Przewodnim tematem tegorocznej edycji jest has\u0142o <em>W muzycznej symbiozie<\/em>.&nbsp;<\/p>\n\n\n\n<p>Opr\u00f3cz wyk\u0142ad\u00f3w studenckich Konferencji zawsze towarzysz\u0105 Koncerty kompozytorskie, zar\u00f3wno kameralne jak i (od zesz\u0142orocznej edycji) symfoniczne. S\u0105 to koncerty szczeg\u00f3lnie wa\u017cne dla student\u00f3w_ek kompozycji, poniewa\u017c mog\u0105 oni_ne na nich zaprezentowa\u0107 swoje utwory nie tylko lokalnej spo\u0142eczno\u015bci ale tak\u017ce go\u015bciom konferencyjnym z Polski i zza granicy. Koncert\u00f3w organizowanych przy Konferencji mo\u017cna tak\u017ce od kilku lat pos\u0142ucha\u0107 dzi\u0119ki transmisjom, pocz\u0105tkowo na kanale YouTube naszej Uczelni, a od kilku lat w Akademickim Radiu LUZ.<\/p>\n\n\n\n<p>Owocem naszych Konferencji s\u0105 tak\u017ce wydawane po nich publikacje zawieraj\u0105ce teksty naszych referent\u00f3w. Do tej pory ukaza\u0142o si\u0119 8 tom\u00f3w (dziewi\u0105ty w przygotowaniu), w kt\u00f3rych uwiecznionych zosta\u0142o 101 artyku\u0142\u00f3w.<\/p>\n\n\n\n<p>Poni\u017cej odnale\u017a\u0107 mo\u017cna zdj\u0119cia z zesz\u0142orocznej edycji oraz link do Koncertu Kompozytorskiego z edycji 2022.<\/p>\n\n\n\n<div class=\"wp-block-columns is-layout-flex wp-container-core-columns-is-layout-28f84493 wp-block-columns-is-layout-flex\">\n<div class=\"wp-block-column is-layout-flow wp-block-column-is-layout-flow\" style=\"flex-basis:100%\">\n<figure class=\"wp-block-gallery has-nested-images columns-default is-cropped wp-block-gallery-1 is-layout-flex wp-block-gallery-is-layout-flex\">\n<figure class=\"wp-block-image size-large\"><img loading=\"lazy\" decoding=\"async\" width=\"1024\" height=\"683\" data-id=\"302\" src=\"https:\/\/ambiguity.amkl.edu.pl\/wp-content\/uploads\/2026\/03\/IMG_5510-2-1024x683.jpg\" alt=\"\" class=\"wp-image-302\" srcset=\"https:\/\/ambiguity.amkl.edu.pl\/wp-content\/uploads\/2026\/03\/IMG_5510-2-1024x683.jpg 1024w, https:\/\/ambiguity.amkl.edu.pl\/wp-content\/uploads\/2026\/03\/IMG_5510-2-300x200.jpg 300w, https:\/\/ambiguity.amkl.edu.pl\/wp-content\/uploads\/2026\/03\/IMG_5510-2-768x512.jpg 768w, https:\/\/ambiguity.amkl.edu.pl\/wp-content\/uploads\/2026\/03\/IMG_5510-2-1536x1024.jpg 1536w, https:\/\/ambiguity.amkl.edu.pl\/wp-content\/uploads\/2026\/03\/IMG_5510-2-2048x1365.jpg 2048w\" sizes=\"auto, (max-width: 1024px) 100vw, 1024px\" \/><\/figure>\n\n\n\n<figure class=\"wp-block-image size-large\"><img loading=\"lazy\" decoding=\"async\" width=\"1024\" height=\"683\" data-id=\"309\" src=\"https:\/\/ambiguity.amkl.edu.pl\/wp-content\/uploads\/2026\/03\/IMG_5504-2-1024x683.jpg\" alt=\"\" class=\"wp-image-309\" srcset=\"https:\/\/ambiguity.amkl.edu.pl\/wp-content\/uploads\/2026\/03\/IMG_5504-2-1024x683.jpg 1024w, https:\/\/ambiguity.amkl.edu.pl\/wp-content\/uploads\/2026\/03\/IMG_5504-2-300x200.jpg 300w, https:\/\/ambiguity.amkl.edu.pl\/wp-content\/uploads\/2026\/03\/IMG_5504-2-768x512.jpg 768w, https:\/\/ambiguity.amkl.edu.pl\/wp-content\/uploads\/2026\/03\/IMG_5504-2-1536x1024.jpg 1536w, https:\/\/ambiguity.amkl.edu.pl\/wp-content\/uploads\/2026\/03\/IMG_5504-2-2048x1365.jpg 2048w\" sizes=\"auto, (max-width: 1024px) 100vw, 1024px\" \/><\/figure>\n\n\n\n<figure class=\"wp-block-image size-large\"><img loading=\"lazy\" decoding=\"async\" width=\"1024\" height=\"819\" data-id=\"296\" src=\"https:\/\/ambiguity.amkl.edu.pl\/wp-content\/uploads\/2026\/03\/IMG_6149-2-1024x819.jpg\" alt=\"\" class=\"wp-image-296\" srcset=\"https:\/\/ambiguity.amkl.edu.pl\/wp-content\/uploads\/2026\/03\/IMG_6149-2-1024x819.jpg 1024w, https:\/\/ambiguity.amkl.edu.pl\/wp-content\/uploads\/2026\/03\/IMG_6149-2-300x240.jpg 300w, https:\/\/ambiguity.amkl.edu.pl\/wp-content\/uploads\/2026\/03\/IMG_6149-2-768x614.jpg 768w, https:\/\/ambiguity.amkl.edu.pl\/wp-content\/uploads\/2026\/03\/IMG_6149-2-1536x1229.jpg 1536w, https:\/\/ambiguity.amkl.edu.pl\/wp-content\/uploads\/2026\/03\/IMG_6149-2-2048x1638.jpg 2048w\" sizes=\"auto, (max-width: 1024px) 100vw, 1024px\" \/><\/figure>\n\n\n\n<figure class=\"wp-block-image size-large\"><img loading=\"lazy\" decoding=\"async\" width=\"1024\" height=\"683\" data-id=\"300\" src=\"https:\/\/ambiguity.amkl.edu.pl\/wp-content\/uploads\/2026\/03\/IMG_5631-2-1024x683.jpg\" alt=\"\" class=\"wp-image-300\" srcset=\"https:\/\/ambiguity.amkl.edu.pl\/wp-content\/uploads\/2026\/03\/IMG_5631-2-1024x683.jpg 1024w, https:\/\/ambiguity.amkl.edu.pl\/wp-content\/uploads\/2026\/03\/IMG_5631-2-300x200.jpg 300w, https:\/\/ambiguity.amkl.edu.pl\/wp-content\/uploads\/2026\/03\/IMG_5631-2-768x512.jpg 768w, https:\/\/ambiguity.amkl.edu.pl\/wp-content\/uploads\/2026\/03\/IMG_5631-2-1536x1024.jpg 1536w, https:\/\/ambiguity.amkl.edu.pl\/wp-content\/uploads\/2026\/03\/IMG_5631-2-2048x1365.jpg 2048w\" sizes=\"auto, (max-width: 1024px) 100vw, 1024px\" \/><\/figure>\n\n\n\n<figure class=\"wp-block-image size-large\"><img loading=\"lazy\" decoding=\"async\" width=\"1024\" height=\"683\" data-id=\"318\" src=\"https:\/\/ambiguity.amkl.edu.pl\/wp-content\/uploads\/2026\/03\/IMG_5626-2-1024x683.jpg\" alt=\"\" class=\"wp-image-318\" srcset=\"https:\/\/ambiguity.amkl.edu.pl\/wp-content\/uploads\/2026\/03\/IMG_5626-2-1024x683.jpg 1024w, https:\/\/ambiguity.amkl.edu.pl\/wp-content\/uploads\/2026\/03\/IMG_5626-2-300x200.jpg 300w, https:\/\/ambiguity.amkl.edu.pl\/wp-content\/uploads\/2026\/03\/IMG_5626-2-768x512.jpg 768w, https:\/\/ambiguity.amkl.edu.pl\/wp-content\/uploads\/2026\/03\/IMG_5626-2-1536x1024.jpg 1536w, https:\/\/ambiguity.amkl.edu.pl\/wp-content\/uploads\/2026\/03\/IMG_5626-2-2048x1365.jpg 2048w\" sizes=\"auto, (max-width: 1024px) 100vw, 1024px\" \/><\/figure>\n\n\n\n<figure class=\"wp-block-image size-large\"><img loading=\"lazy\" decoding=\"async\" width=\"819\" height=\"1024\" data-id=\"287\" src=\"https:\/\/ambiguity.amkl.edu.pl\/wp-content\/uploads\/2026\/03\/IMG_5846-2-819x1024.jpg\" alt=\"\" class=\"wp-image-287\" srcset=\"https:\/\/ambiguity.amkl.edu.pl\/wp-content\/uploads\/2026\/03\/IMG_5846-2-819x1024.jpg 819w, https:\/\/ambiguity.amkl.edu.pl\/wp-content\/uploads\/2026\/03\/IMG_5846-2-240x300.jpg 240w, https:\/\/ambiguity.amkl.edu.pl\/wp-content\/uploads\/2026\/03\/IMG_5846-2-768x960.jpg 768w, https:\/\/ambiguity.amkl.edu.pl\/wp-content\/uploads\/2026\/03\/IMG_5846-2-1229x1536.jpg 1229w, https:\/\/ambiguity.amkl.edu.pl\/wp-content\/uploads\/2026\/03\/IMG_5846-2-1638x2048.jpg 1638w, https:\/\/ambiguity.amkl.edu.pl\/wp-content\/uploads\/2026\/03\/IMG_5846-2-scaled.jpg 2048w\" sizes=\"auto, (max-width: 819px) 100vw, 819px\" \/><\/figure>\n\n\n\n<figure class=\"wp-block-image size-large\"><img loading=\"lazy\" decoding=\"async\" width=\"1024\" height=\"683\" data-id=\"293\" src=\"https:\/\/ambiguity.amkl.edu.pl\/wp-content\/uploads\/2026\/03\/IMG_5890-2-1024x683.jpg\" alt=\"\" class=\"wp-image-293\" srcset=\"https:\/\/ambiguity.amkl.edu.pl\/wp-content\/uploads\/2026\/03\/IMG_5890-2-1024x683.jpg 1024w, https:\/\/ambiguity.amkl.edu.pl\/wp-content\/uploads\/2026\/03\/IMG_5890-2-300x200.jpg 300w, https:\/\/ambiguity.amkl.edu.pl\/wp-content\/uploads\/2026\/03\/IMG_5890-2-768x512.jpg 768w, https:\/\/ambiguity.amkl.edu.pl\/wp-content\/uploads\/2026\/03\/IMG_5890-2-1536x1024.jpg 1536w, https:\/\/ambiguity.amkl.edu.pl\/wp-content\/uploads\/2026\/03\/IMG_5890-2-2048x1365.jpg 2048w\" sizes=\"auto, (max-width: 1024px) 100vw, 1024px\" \/><\/figure>\n\n\n\n<figure class=\"wp-block-image size-large\"><img loading=\"lazy\" decoding=\"async\" width=\"1024\" height=\"683\" data-id=\"310\" src=\"https:\/\/ambiguity.amkl.edu.pl\/wp-content\/uploads\/2026\/03\/IMG_5774-1-1024x683.jpg\" alt=\"\" class=\"wp-image-310\" srcset=\"https:\/\/ambiguity.amkl.edu.pl\/wp-content\/uploads\/2026\/03\/IMG_5774-1-1024x683.jpg 1024w, https:\/\/ambiguity.amkl.edu.pl\/wp-content\/uploads\/2026\/03\/IMG_5774-1-300x200.jpg 300w, https:\/\/ambiguity.amkl.edu.pl\/wp-content\/uploads\/2026\/03\/IMG_5774-1-768x512.jpg 768w, https:\/\/ambiguity.amkl.edu.pl\/wp-content\/uploads\/2026\/03\/IMG_5774-1-1536x1024.jpg 1536w, https:\/\/ambiguity.amkl.edu.pl\/wp-content\/uploads\/2026\/03\/IMG_5774-1-2048x1365.jpg 2048w\" sizes=\"auto, (max-width: 1024px) 100vw, 1024px\" \/><\/figure>\n\n\n\n<figure class=\"wp-block-image size-large\"><img loading=\"lazy\" decoding=\"async\" width=\"1024\" height=\"683\" data-id=\"289\" src=\"https:\/\/ambiguity.amkl.edu.pl\/wp-content\/uploads\/2026\/03\/IMG_5748-1-1024x683.jpg\" alt=\"\" class=\"wp-image-289\" srcset=\"https:\/\/ambiguity.amkl.edu.pl\/wp-content\/uploads\/2026\/03\/IMG_5748-1-1024x683.jpg 1024w, https:\/\/ambiguity.amkl.edu.pl\/wp-content\/uploads\/2026\/03\/IMG_5748-1-300x200.jpg 300w, https:\/\/ambiguity.amkl.edu.pl\/wp-content\/uploads\/2026\/03\/IMG_5748-1-768x512.jpg 768w, https:\/\/ambiguity.amkl.edu.pl\/wp-content\/uploads\/2026\/03\/IMG_5748-1-1536x1024.jpg 1536w, https:\/\/ambiguity.amkl.edu.pl\/wp-content\/uploads\/2026\/03\/IMG_5748-1-2048x1365.jpg 2048w\" sizes=\"auto, (max-width: 1024px) 100vw, 1024px\" \/><\/figure>\n\n\n\n<figure class=\"wp-block-image size-large\"><img loading=\"lazy\" decoding=\"async\" width=\"1024\" height=\"683\" data-id=\"306\" src=\"https:\/\/ambiguity.amkl.edu.pl\/wp-content\/uploads\/2026\/03\/IMG_7298-2-1024x683.jpg\" alt=\"\" class=\"wp-image-306\" srcset=\"https:\/\/ambiguity.amkl.edu.pl\/wp-content\/uploads\/2026\/03\/IMG_7298-2-1024x683.jpg 1024w, https:\/\/ambiguity.amkl.edu.pl\/wp-content\/uploads\/2026\/03\/IMG_7298-2-300x200.jpg 300w, https:\/\/ambiguity.amkl.edu.pl\/wp-content\/uploads\/2026\/03\/IMG_7298-2-768x512.jpg 768w, https:\/\/ambiguity.amkl.edu.pl\/wp-content\/uploads\/2026\/03\/IMG_7298-2-1536x1024.jpg 1536w, https:\/\/ambiguity.amkl.edu.pl\/wp-content\/uploads\/2026\/03\/IMG_7298-2-2048x1365.jpg 2048w\" sizes=\"auto, (max-width: 1024px) 100vw, 1024px\" \/><\/figure>\n\n\n\n<figure class=\"wp-block-image size-large\"><img loading=\"lazy\" decoding=\"async\" width=\"1024\" height=\"683\" data-id=\"319\" src=\"https:\/\/ambiguity.amkl.edu.pl\/wp-content\/uploads\/2026\/03\/IMG_7533-1-1024x683.jpg\" alt=\"\" class=\"wp-image-319\" srcset=\"https:\/\/ambiguity.amkl.edu.pl\/wp-content\/uploads\/2026\/03\/IMG_7533-1-1024x683.jpg 1024w, https:\/\/ambiguity.amkl.edu.pl\/wp-content\/uploads\/2026\/03\/IMG_7533-1-300x200.jpg 300w, https:\/\/ambiguity.amkl.edu.pl\/wp-content\/uploads\/2026\/03\/IMG_7533-1-768x512.jpg 768w, https:\/\/ambiguity.amkl.edu.pl\/wp-content\/uploads\/2026\/03\/IMG_7533-1-1536x1024.jpg 1536w, https:\/\/ambiguity.amkl.edu.pl\/wp-content\/uploads\/2026\/03\/IMG_7533-1-2048x1365.jpg 2048w\" sizes=\"auto, (max-width: 1024px) 100vw, 1024px\" \/><\/figure>\n\n\n\n<figure class=\"wp-block-image size-large\"><img loading=\"lazy\" decoding=\"async\" width=\"1024\" height=\"683\" data-id=\"314\" src=\"https:\/\/ambiguity.amkl.edu.pl\/wp-content\/uploads\/2026\/03\/IMG_7864-2-1024x683.jpg\" alt=\"\" class=\"wp-image-314\" srcset=\"https:\/\/ambiguity.amkl.edu.pl\/wp-content\/uploads\/2026\/03\/IMG_7864-2-1024x683.jpg 1024w, https:\/\/ambiguity.amkl.edu.pl\/wp-content\/uploads\/2026\/03\/IMG_7864-2-300x200.jpg 300w, https:\/\/ambiguity.amkl.edu.pl\/wp-content\/uploads\/2026\/03\/IMG_7864-2-768x512.jpg 768w, https:\/\/ambiguity.amkl.edu.pl\/wp-content\/uploads\/2026\/03\/IMG_7864-2-1536x1024.jpg 1536w, https:\/\/ambiguity.amkl.edu.pl\/wp-content\/uploads\/2026\/03\/IMG_7864-2-2048x1365.jpg 2048w\" sizes=\"auto, (max-width: 1024px) 100vw, 1024px\" \/><\/figure>\n<\/figure>\n<\/div>\n<\/div>\n\n\n\n<p class=\"has-x-small-font-size\">fot. Karol Kozak<\/p>\n\n\n\n<figure class=\"wp-block-embed is-type-video is-provider-youtube wp-block-embed-youtube wp-embed-aspect-16-9 wp-has-aspect-ratio\"><div class=\"wp-block-embed__wrapper\">\n<iframe loading=\"lazy\" title=\"Koncert kompozytorski w ramach VIII Studenckiej Konferencji Naukowej \u201eWieloznaczno\u015b\u0107 d\u017awi\u0119ku\u201d\" width=\"500\" height=\"281\" src=\"https:\/\/www.youtube.com\/embed\/xDJ2yO1dXTk?feature=oembed\" frameborder=\"0\" allow=\"accelerometer; autoplay; clipboard-write; encrypted-media; gyroscope; picture-in-picture; web-share\" referrerpolicy=\"strict-origin-when-cross-origin\" allowfullscreen><\/iframe>\n<\/div><\/figure>\n","protected":false},"excerpt":{"rendered":"<p>Pierwsza edycja Wieloznaczno\u015bci D\u017awi\u0119ku odby\u0142a si\u0119 w 2014 roku. Od pocz\u0105tku by\u0142o to wydarzenie bardzo wa\u017cne dla student\u00f3w_ek teorii muzyki, dyrygentury i kompozycji naszej Uczelni. G\u0142\u00f3wn\u0105 ide\u0105 jaka przy\u015bwieca\u0142a inicjatorom_kom by\u0142o stworzenie przestrzeni do interdyscyplinarnej dyskusji na temat natury d\u017awi\u0119ku. Od pocz\u0105tku go\u015bcili\u015bmy przedstawicieli_ki najr\u00f3\u017cniejszych dziedzin: teorii muzyki, muzykologii, psychologii muzyki, audiosfery, kompozycji. Tematyka przedstawiana [&hellip;]<\/p>\n","protected":false},"author":2,"featured_media":0,"parent":0,"menu_order":0,"comment_status":"closed","ping_status":"closed","template":"","meta":{"footnotes":""},"class_list":["post-76","page","type-page","status-publish","hentry"],"_links":{"self":[{"href":"https:\/\/ambiguity.amkl.edu.pl\/index.php?rest_route=\/wp\/v2\/pages\/76","targetHints":{"allow":["GET"]}}],"collection":[{"href":"https:\/\/ambiguity.amkl.edu.pl\/index.php?rest_route=\/wp\/v2\/pages"}],"about":[{"href":"https:\/\/ambiguity.amkl.edu.pl\/index.php?rest_route=\/wp\/v2\/types\/page"}],"author":[{"embeddable":true,"href":"https:\/\/ambiguity.amkl.edu.pl\/index.php?rest_route=\/wp\/v2\/users\/2"}],"replies":[{"embeddable":true,"href":"https:\/\/ambiguity.amkl.edu.pl\/index.php?rest_route=%2Fwp%2Fv2%2Fcomments&post=76"}],"version-history":[{"count":11,"href":"https:\/\/ambiguity.amkl.edu.pl\/index.php?rest_route=\/wp\/v2\/pages\/76\/revisions"}],"predecessor-version":[{"id":363,"href":"https:\/\/ambiguity.amkl.edu.pl\/index.php?rest_route=\/wp\/v2\/pages\/76\/revisions\/363"}],"wp:attachment":[{"href":"https:\/\/ambiguity.amkl.edu.pl\/index.php?rest_route=%2Fwp%2Fv2%2Fmedia&parent=76"}],"curies":[{"name":"wp","href":"https:\/\/api.w.org\/{rel}","templated":true}]}}